{"id":92,"date":"2021-02-10T09:43:56","date_gmt":"2021-02-10T09:43:56","guid":{"rendered":"http:\/\/crm-maresme.com\/?page_id=92"},"modified":"2021-03-11T11:12:28","modified_gmt":"2021-03-11T11:12:28","slug":"qui-som","status":"publish","type":"page","link":"https:\/\/crm-maresme.com\/index.php\/qui-som\/","title":{"rendered":"Qui som"},"content":{"rendered":"\t\t<div data-elementor-type=\"wp-page\" data-elementor-id=\"92\" class=\"elementor elementor-92\">\n\t\t\t\t\t\t\t\t\t<section class=\"elementor-section elementor-top-section elementor-element elementor-element-e51c8d6 elementor-section-full_width elementor-section-content-middle elementor-section-height-default elementor-section-height-default parallax_section_no qode_elementor_container_no\" data-id=\"e51c8d6\" data-element_type=\"section\">\n\t\t\t\t\t\t<div class=\"elementor-container elementor-column-gap-default\">\n\t\t\t\t\t<div class=\"elementor-column elementor-col-50 elementor-top-column elementor-element elementor-element-9976cfa\" data-id=\"9976cfa\" data-element_type=\"column\">\n\t\t\t<div class=\"elementor-widget-wrap elementor-element-populated\">\n\t\t\t\t\t\t\t\t<div class=\"elementor-element elementor-element-f566b70 elementor-widget elementor-widget-text-editor\" data-id=\"f566b70\" data-element_type=\"widget\" data-widget_type=\"text-editor.default\">\n\t\t\t\t<div class=\"elementor-widget-container\">\n\t\t\t\t\t\t\t<p>Som un centre especialitzat en radiologia i tot el que engloba les seves proves diagn\u00f2stiques.<\/p><p>La radiologia \u00e9s una de les moltes especialitats que existeixen en la medicina a partir de la qual es poden realitzar proves amb l&#8217;objectiu d&#8217;obtenir dades per donar un diagn\u00f2stic al pacient. Amb el diagn\u00f2stic, el professional determina si \u00e9s necessari realitzar un tractament o no per superar una afecci\u00f3.<\/p><p>La radiologia tamb\u00e9 es coneix com a radiodiagnosi o diagnosi per la imatge.<\/p><p>El Centre de Radiologia del Maresme, m\u00e9s conegut com a\u00a0CRM, \u00e9s un espai que fa m\u00e9s de 30 que ofereix tota mena de serveis de diagn\u00f2stic per la imatge a Matar\u00f3 i a la seva comarca des del c\u00e8ntric carrer de Santa Marta.<\/p>\t\t\t\t\t\t<\/div>\n\t\t\t\t<\/div>\n\t\t\t\t\t<\/div>\n\t\t<\/div>\n\t\t\t\t<div class=\"elementor-column elementor-col-50 elementor-top-column elementor-element elementor-element-61d1d96\" data-id=\"61d1d96\" data-element_type=\"column\">\n\t\t\t<div class=\"elementor-widget-wrap elementor-element-populated\">\n\t\t\t\t\t\t\t\t<div class=\"elementor-element elementor-element-7579a10 elementor-widget elementor-widget-image\" data-id=\"7579a10\" data-element_type=\"widget\" data-widget_type=\"image.default\">\n\t\t\t\t<div class=\"elementor-widget-container\">\n\t\t\t\t\t\t\t\t\t\t\t\t\t\t\t<img decoding=\"async\" width=\"612\" height=\"408\" src=\"https:\/\/crm-maresme.com\/wp-content\/uploads\/2021\/02\/servei2.jpg\" class=\"attachment-full size-full\" alt=\"\" loading=\"lazy\" srcset=\"https:\/\/crm-maresme.com\/wp-content\/uploads\/2021\/02\/servei2.jpg 612w, https:\/\/crm-maresme.com\/wp-content\/uploads\/2021\/02\/servei2-300x200.jpg 300w\" sizes=\"(max-width: 612px) 100vw, 612px\" \/>\t\t\t\t\t\t\t\t\t\t\t\t\t\t\t<\/div>\n\t\t\t\t<\/div>\n\t\t\t\t\t<\/div>\n\t\t<\/div>\n\t\t\t\t\t\t\t<\/div>\n\t\t<\/section>\n\t\t\t\t<section class=\"elementor-section elementor-top-section elementor-element elementor-element-902d865 elementor-section-full_width elementor-section-height-default elementor-section-height-default parallax_section_no qode_elementor_container_no\" data-id=\"902d865\" data-element_type=\"section\">\n\t\t\t\t\t\t<div class=\"elementor-container elementor-column-gap-default\">\n\t\t\t\t\t<div class=\"elementor-column elementor-col-100 elementor-top-column elementor-element elementor-element-a3596c2\" data-id=\"a3596c2\" data-element_type=\"column\">\n\t\t\t<div class=\"elementor-widget-wrap elementor-element-populated\">\n\t\t\t\t\t\t\t\t<div class=\"elementor-element elementor-element-6bcb94b elementor-widget elementor-widget-heading\" data-id=\"6bcb94b\" data-element_type=\"widget\" data-widget_type=\"heading.default\">\n\t\t\t\t<div class=\"elementor-widget-container\">\n\t\t\t<h3 class=\"elementor-heading-title elementor-size-default\">Una garantia per a realitzar tota mena de proves de diagn\u00f2stic per la imatge, sent centre de refer\u00e8ncia a la comarca des de 1991<\/h3>\t\t<\/div>\n\t\t\t\t<\/div>\n\t\t\t\t\t<\/div>\n\t\t<\/div>\n\t\t\t\t\t\t\t<\/div>\n\t\t<\/section>\n\t\t\t\t<section class=\"elementor-section elementor-top-section elementor-element elementor-element-e7c2547 elementor-section-full_width elementor-section-content-middle elementor-section-height-default elementor-section-height-default parallax_section_no qode_elementor_container_no\" data-id=\"e7c2547\" data-element_type=\"section\">\n\t\t\t\t\t\t<div class=\"elementor-container elementor-column-gap-default\">\n\t\t\t\t\t<div class=\"elementor-column elementor-col-50 elementor-top-column elementor-element elementor-element-6d0fb90\" data-id=\"6d0fb90\" data-element_type=\"column\">\n\t\t\t<div class=\"elementor-widget-wrap elementor-element-populated\">\n\t\t\t\t\t\t\t\t<div class=\"elementor-element elementor-element-9a8fa78 elementor-widget elementor-widget-image\" data-id=\"9a8fa78\" data-element_type=\"widget\" data-widget_type=\"image.default\">\n\t\t\t\t<div class=\"elementor-widget-container\">\n\t\t\t\t\t\t\t\t\t\t\t\t\t\t\t<img decoding=\"async\" width=\"600\" height=\"400\" src=\"https:\/\/crm-maresme.com\/wp-content\/uploads\/2021\/02\/servi1.jpg\" class=\"attachment-full size-full\" alt=\"\" loading=\"lazy\" srcset=\"https:\/\/crm-maresme.com\/wp-content\/uploads\/2021\/02\/servi1.jpg 600w, https:\/\/crm-maresme.com\/wp-content\/uploads\/2021\/02\/servi1-300x200.jpg 300w\" sizes=\"(max-width: 600px) 100vw, 600px\" \/>\t\t\t\t\t\t\t\t\t\t\t\t\t\t\t<\/div>\n\t\t\t\t<\/div>\n\t\t\t\t\t<\/div>\n\t\t<\/div>\n\t\t\t\t<div class=\"elementor-column elementor-col-50 elementor-top-column elementor-element elementor-element-2e2d429\" data-id=\"2e2d429\" data-element_type=\"column\">\n\t\t\t<div class=\"elementor-widget-wrap elementor-element-populated\">\n\t\t\t\t\t\t\t\t<div class=\"elementor-element elementor-element-3a2d5c1 elementor-widget elementor-widget-text-editor\" data-id=\"3a2d5c1\" data-element_type=\"widget\" data-widget_type=\"text-editor.default\">\n\t\t\t\t<div class=\"elementor-widget-container\">\n\t\t\t\t\t\t\t<p>A\u00a0CRM\u00a0som especialistes en tot el ventall de proves de diagn\u00f2stic per la imatge: des de radiologia convencional fins resson\u00e0ncies magn\u00e8tiques i\u00a0tot tipus\u00a0de proves derivades, complement\u00e0ries i\/o associades a la nostra especialitat m\u00e8dica. Comptem amb unes\u00a0instal\u00b7lacions\u00a0actualitzades i un personal experimentat, per poder oferir el millor servei amb la m\u00e0xima celeritat possible.<\/p><p>CRM \u00e9s un centre que aposta per la tecnologia d\u2019\u00faltima generaci\u00f3, per aix\u00f2 no ens quedem enrere en ampliar maquin\u00e0ria que permeti ampliar el segment de proves a realitzar. <\/p><p>Treballem amb la m\u00e0xima professionalitat i estem disponibles a nivell privat per gaireb\u00e9 totes les m\u00fatues privades del territori.<\/p>\t\t\t\t\t\t<\/div>\n\t\t\t\t<\/div>\n\t\t\t\t\t<\/div>\n\t\t<\/div>\n\t\t\t\t\t\t\t<\/div>\n\t\t<\/section>\n\t\t\t\t<section class=\"elementor-section elementor-top-section elementor-element elementor-element-2e84b52 elementor-section-boxed elementor-section-height-default elementor-section-height-default parallax_section_no qode_elementor_container_no\" data-id=\"2e84b52\" data-element_type=\"section\">\n\t\t\t\t\t\t<div class=\"elementor-container elementor-column-gap-default\">\n\t\t\t\t\t<div class=\"elementor-column elementor-col-100 elementor-top-column elementor-element elementor-element-50b7139\" data-id=\"50b7139\" data-element_type=\"column\">\n\t\t\t<div class=\"elementor-widget-wrap\">\n\t\t\t\t\t\t\t\t\t<\/div>\n\t\t<\/div>\n\t\t\t\t\t\t\t<\/div>\n\t\t<\/section>\n\t\t\t\t\t\t\t<\/div>\n\t\t","protected":false},"excerpt":{"rendered":"<p>Som un centre especialitzat en radiologia i tot el que engloba les seves proves diagn\u00f2stiques. La radiologia \u00e9s una de les moltes especialitats que existeixen en la medicina a partir de la qual es poden realitzar proves amb l&#8217;objectiu d&#8217;obtenir dades per donar un diagn\u00f2stic&#8230;<\/p>\n","protected":false},"author":1,"featured_media":0,"parent":0,"menu_order":0,"comment_status":"closed","ping_status":"closed","template":"","meta":[],"_links":{"self":[{"href":"https:\/\/crm-maresme.com\/index.php\/wp-json\/wp\/v2\/pages\/92"}],"collection":[{"href":"https:\/\/crm-maresme.com\/index.php\/wp-json\/wp\/v2\/pages"}],"about":[{"href":"https:\/\/crm-maresme.com\/index.php\/wp-json\/wp\/v2\/types\/page"}],"author":[{"embeddable":true,"href":"https:\/\/crm-maresme.com\/index.php\/wp-json\/wp\/v2\/users\/1"}],"replies":[{"embeddable":true,"href":"https:\/\/crm-maresme.com\/index.php\/wp-json\/wp\/v2\/comments?post=92"}],"version-history":[{"count":45,"href":"https:\/\/crm-maresme.com\/index.php\/wp-json\/wp\/v2\/pages\/92\/revisions"}],"predecessor-version":[{"id":593,"href":"https:\/\/crm-maresme.com\/index.php\/wp-json\/wp\/v2\/pages\/92\/revisions\/593"}],"wp:attachment":[{"href":"https:\/\/crm-maresme.com\/index.php\/wp-json\/wp\/v2\/media?parent=92"}],"curies":[{"name":"wp","href":"https:\/\/api.w.org\/{rel}","templated":true}]}}